{"id":1208,"date":"2025-07-22T12:44:09","date_gmt":"2025-07-22T12:44:09","guid":{"rendered":"https:\/\/mjetulain.com.ar\/?page_id=1208"},"modified":"2026-04-28T17:27:40","modified_gmt":"2026-04-28T17:27:40","slug":"articulos-y-ponencias","status":"publish","type":"page","link":"https:\/\/mjetulain.com.ar\/en\/articulos-y-ponencias\/","title":{"rendered":"ARTICLES AND PRESENTATIONS"},"content":{"rendered":"<div class=\"wp-block-uagb-container uagb-block-xndhovyz alignfull uagb-is-root-container\"><div class=\"uagb-container-inner-blocks-wrap\">\n<div class=\"wp-block-uagb-info-box uagb-block-5ehnfwv9 uagb-infobox__content-wrap  uagb-infobox-icon-above-title uagb-infobox-image-valign-top\"><div class=\"uagb-ifb-content\"><div class=\"uagb-ifb-title-wrap\"><h1 class=\"uagb-ifb-title\">ARTICLES AND ANALYSIS ON FOREIGN TRADE, ANTIDUMPING, AND INTERNATIONAL REGULATION<\/h1><\/div><p class=\"uagb-ifb-desc\">Strategic analysis and practical solutions for companies operating in foreign trade and international markets<\/p><\/div><\/div>\n<\/div><\/div>\n\n\n\n<p><\/p>\n\n\n\n<p class=\"has-text-align-center\">In this section, we gather presentations, articles, and studies prepared by the MJE Comercio Exterior team, presented at international conferences and seminars.<br>A space to share specialized knowledge in customs law, trade defense, antidumping, and international trade, featuring practical analyses and proposals for improving business management and regulatory frameworks.<\/p>\n\n\n\n\t\t\t<div class=\"wp-block-uagb-post-grid uagb-post-grid  uagb-post__image-position-top uagb-post__image-enabled uagb-block-889cdb79     uagb-post__items uagb-post__columns-3 is-grid uagb-post__columns-tablet-2 uagb-post__columns-mobile-1 uagb-post__equal-height\" data-total=\"2\" style=\"\">\n\n\t\t\t\t\t\t\t\t\t\t\t\t<article class=\"uagb-post__inner-wrap\">\t\t\t\t\t\t\t\t<div class='uagb-post__image'>\n\t\t\t\t\t\t\t\t\t<a href=\"https:\/\/mjetulain.com.ar\/en\/regulaciones-practicas-estadounidenses-comercio-internacional-impacto-argentina\/\" target=\"_self\" rel=\"bookmark noopener noreferrer\" class='uagb-image-ratio-2-3'><img loading=\"lazy\" decoding=\"async\" width=\"1024\" height=\"683\" src=\"https:\/\/mjetulain.com.ar\/wp-content\/uploads\/2026\/04\/Analisis-sobre-controles-de-eExportacion-de-EE.UU_.-y-desafios-regulatorios-para-Argentina-en-el-comercio-internacional.-1-1024x683.webp\" class=\"attachment-large size-large\" alt=\"\" srcset=\"https:\/\/mjetulain.com.ar\/wp-content\/uploads\/2026\/04\/Analisis-sobre-controles-de-eExportacion-de-EE.UU_.-y-desafios-regulatorios-para-Argentina-en-el-comercio-internacional.-1-1024x683.webp 1024w, https:\/\/mjetulain.com.ar\/wp-content\/uploads\/2026\/04\/Analisis-sobre-controles-de-eExportacion-de-EE.UU_.-y-desafios-regulatorios-para-Argentina-en-el-comercio-internacional.-1-300x200.webp 300w, https:\/\/mjetulain.com.ar\/wp-content\/uploads\/2026\/04\/Analisis-sobre-controles-de-eExportacion-de-EE.UU_.-y-desafios-regulatorios-para-Argentina-en-el-comercio-internacional.-1-768x512.webp 768w, https:\/\/mjetulain.com.ar\/wp-content\/uploads\/2026\/04\/Analisis-sobre-controles-de-eExportacion-de-EE.UU_.-y-desafios-regulatorios-para-Argentina-en-el-comercio-internacional.-1-18x12.webp 18w, https:\/\/mjetulain.com.ar\/wp-content\/uploads\/2026\/04\/Analisis-sobre-controles-de-eExportacion-de-EE.UU_.-y-desafios-regulatorios-para-Argentina-en-el-comercio-internacional.-1.webp 1536w\" sizes=\"auto, (max-width: 1024px) 100vw, 1024px\" \/>\t\t\t\t\t<\/a>\n\t\t\t\t\t\t\t<\/div>\n\t\t\t\t\t\t<h3 class=\"uagb-post__title uagb-post__text\">\n\t\t\t\t<a href=\"https:\/\/mjetulain.com.ar\/en\/regulaciones-practicas-estadounidenses-comercio-internacional-impacto-argentina\/\" target=\"_self\" rel=\"bookmark noopener noreferrer\">U.S. Trade Regulations and Practices: Impacts and Challenges for Argentina<\/a>\n\t\t\t<\/h3>\n\t\t\t\t\t\t<div class='uagb-post__text uagb-post-grid-byline'>\n\t\t\t\t\t\t\t\t<span class=\"uagb-post__author\">\n\t\t\t\t<span class=\"dashicons-admin-users dashicons\"><\/span>\t\t\t\t\t<a href=\"https:\/\/mjetulain.com.ar\/en\/author\/mjeadmin\/\" title=\"Posts by Dra. Mar\u00eda Jos\u00e9 Etulain S\u00f3rensen\" rel=\"author\">Dra. Mar\u00eda Jos\u00e9 Etulain S\u00f3rensen<\/a>\t\t\t\t<\/span>\n\t\t\t\t\t\t\t<time datetime=\"2026-04-28T17:22:16+00:00\" class=\"uagb-post__date\">\n\t\t\t\t<span class=\"dashicons-calendar dashicons\"><\/span>\t\t\t\t\tApril 28, 2026\t\t\t\t<\/time>\n\t\t\t\t\t\t<\/div>\n\t\t\t\t\t\t\t<div class='uagb-post__text uagb-post__excerpt'>\n\t\t\t\t\t<p>En un escenario internacional marcado por crecientes tensiones geopol\u00edticas, pol\u00edticas industriales activas y una utilizaci\u00f3n estrat\u00e9gica del derecho comercial, las&#8230;\t\t\t\t<\/div>\n\t\t\t\t\t\t<div class=\"uagb-post__text uagb-post__cta wp-block-button\">\n\t\t\t\t<a class=\"wp-block-button__link uagb-text-link\" style=\"\" href=\"https:\/\/mjetulain.com.ar\/en\/regulaciones-practicas-estadounidenses-comercio-internacional-impacto-argentina\/\" target=\"_self\" rel=\"bookmark noopener noreferrer\">Read More<\/a>\n\t\t\t<\/div>\n\t\t\t\n\t\t\t\t\t\t\t\t\t<\/article>\n\t\t\t\t\t\t\t\t\t\t\t\t\t\t\t\t<article class=\"uagb-post__inner-wrap\">\t\t\t\t\t\t\t\t<div class='uagb-post__image'>\n\t\t\t\t\t\t\t\t\t<a href=\"https:\/\/mjetulain.com.ar\/en\/la-disolucion-del-sac-y-su-impacto-en-el-comercio-exterior-argentino\/\" target=\"_self\" rel=\"bookmark noopener noreferrer\" class='uagb-image-ratio-2-3'><img loading=\"lazy\" decoding=\"async\" width=\"1024\" height=\"683\" src=\"https:\/\/mjetulain.com.ar\/wp-content\/uploads\/2026\/04\/Impacto-de-la-disolucion-del-SAC-en-el-comercio-exterior-argentino.93-1024x683.webp\" class=\"attachment-large size-large\" alt=\"Disoluci\u00f3n del Servicio Argentino de Calibraci\u00f3n y Medici\u00f3n (SAC) y su impacto en el comercio exterior argentino, con \u00e9nfasis en metrolog\u00eda, control y cumplimiento normativo.\" srcset=\"https:\/\/mjetulain.com.ar\/wp-content\/uploads\/2026\/04\/Impacto-de-la-disolucion-del-SAC-en-el-comercio-exterior-argentino.93-1024x683.webp 1024w, https:\/\/mjetulain.com.ar\/wp-content\/uploads\/2026\/04\/Impacto-de-la-disolucion-del-SAC-en-el-comercio-exterior-argentino.93-300x200.webp 300w, https:\/\/mjetulain.com.ar\/wp-content\/uploads\/2026\/04\/Impacto-de-la-disolucion-del-SAC-en-el-comercio-exterior-argentino.93-768x512.webp 768w, https:\/\/mjetulain.com.ar\/wp-content\/uploads\/2026\/04\/Impacto-de-la-disolucion-del-SAC-en-el-comercio-exterior-argentino.93-18x12.webp 18w, https:\/\/mjetulain.com.ar\/wp-content\/uploads\/2026\/04\/Impacto-de-la-disolucion-del-SAC-en-el-comercio-exterior-argentino.93.webp 1536w\" sizes=\"auto, (max-width: 1024px) 100vw, 1024px\" \/>\t\t\t\t\t<\/a>\n\t\t\t\t\t\t\t<\/div>\n\t\t\t\t\t\t<h3 class=\"uagb-post__title uagb-post__text\">\n\t\t\t\t<a href=\"https:\/\/mjetulain.com.ar\/en\/la-disolucion-del-sac-y-su-impacto-en-el-comercio-exterior-argentino\/\" target=\"_self\" rel=\"bookmark noopener noreferrer\">The Dissolution of the SAC and Its Impact on Argentine Foreign Trade<\/a>\n\t\t\t<\/h3>\n\t\t\t\t\t\t<div class='uagb-post__text uagb-post-grid-byline'>\n\t\t\t\t\t\t\t\t<span class=\"uagb-post__author\">\n\t\t\t\t<span class=\"dashicons-admin-users dashicons\"><\/span>\t\t\t\t\t<a href=\"https:\/\/mjetulain.com.ar\/en\/author\/andrea-zavatto\/\" title=\"Posts by Dra. Andrea Zavatto\" rel=\"author\">Dr. Andrea Zavatto<\/a>\t\t\t\t<\/span>\n\t\t\t\t\t\t\t<time datetime=\"2026-04-28T17:17:40+00:00\" class=\"uagb-post__date\">\n\t\t\t\t<span class=\"dashicons-calendar dashicons\"><\/span>\t\t\t\t\tApril 28, 2026\t\t\t\t<\/time>\n\t\t\t\t\t\t<\/div>\n\t\t\t\t\t\t\t<div class='uagb-post__text uagb-post__excerpt'>\n\t\t\t\t\t<p>La disoluci\u00f3n del Servicio Argentino de Calibraci\u00f3n y Medici\u00f3n (SAC) representa un cambio relevante dentro del sistema metrol\u00f3gico argentino, con&#8230;\t\t\t\t<\/div>\n\t\t\t\t\t\t<div class=\"uagb-post__text uagb-post__cta wp-block-button\">\n\t\t\t\t<a class=\"wp-block-button__link uagb-text-link\" style=\"\" href=\"https:\/\/mjetulain.com.ar\/en\/la-disolucion-del-sac-y-su-impacto-en-el-comercio-exterior-argentino\/\" target=\"_self\" rel=\"bookmark noopener noreferrer\">Read More<\/a>\n\t\t\t<\/div>\n\t\t\t\n\t\t\t\t\t\t\t\t\t<\/article>\n\t\t\t\t\t\t\t\t\t\t\t\t\t\t\t\t<article class=\"uagb-post__inner-wrap\">\t\t\t\t\t\t\t\t<div class='uagb-post__image'>\n\t\t\t\t\t\t\t\t\t<a href=\"https:\/\/mjetulain.com.ar\/en\/aranceles-emergencia-eeuu-retenciones-argentina\/\" target=\"_self\" rel=\"bookmark noopener noreferrer\" class='uagb-image-ratio-2-3'><img loading=\"lazy\" decoding=\"async\" width=\"1024\" height=\"683\" src=\"https:\/\/mjetulain.com.ar\/wp-content\/uploads\/2026\/04\/Aranceles-de-emergencia-en-EE.UU_.-y-retenciones-en-Argentina-\u2013-analisis-comparado-1024x683.webp\" class=\"attachment-large size-large\" alt=\"Aranceles en EE.UU. vs retenciones en Argentina y el rol del Congreso en materia tributaria.\" srcset=\"https:\/\/mjetulain.com.ar\/wp-content\/uploads\/2026\/04\/Aranceles-de-emergencia-en-EE.UU_.-y-retenciones-en-Argentina-\u2013-analisis-comparado-1024x683.webp 1024w, https:\/\/mjetulain.com.ar\/wp-content\/uploads\/2026\/04\/Aranceles-de-emergencia-en-EE.UU_.-y-retenciones-en-Argentina-\u2013-analisis-comparado-300x200.webp 300w, https:\/\/mjetulain.com.ar\/wp-content\/uploads\/2026\/04\/Aranceles-de-emergencia-en-EE.UU_.-y-retenciones-en-Argentina-\u2013-analisis-comparado-768x512.webp 768w, https:\/\/mjetulain.com.ar\/wp-content\/uploads\/2026\/04\/Aranceles-de-emergencia-en-EE.UU_.-y-retenciones-en-Argentina-\u2013-analisis-comparado-18x12.webp 18w, https:\/\/mjetulain.com.ar\/wp-content\/uploads\/2026\/04\/Aranceles-de-emergencia-en-EE.UU_.-y-retenciones-en-Argentina-\u2013-analisis-comparado.webp 1536w\" sizes=\"auto, (max-width: 1024px) 100vw, 1024px\" \/>\t\t\t\t\t<\/a>\n\t\t\t\t\t\t\t<\/div>\n\t\t\t\t\t\t<h3 class=\"uagb-post__title uagb-post__text\">\n\t\t\t\t<a href=\"https:\/\/mjetulain.com.ar\/en\/aranceles-emergencia-eeuu-retenciones-argentina\/\" target=\"_self\" rel=\"bookmark noopener noreferrer\">Cuando el impuesto vuelve al Congreso: aranceles de emergencia en EE. UU. y retenciones en Argentina<\/a>\n\t\t\t<\/h3>\n\t\t\t\t\t\t<div class='uagb-post__text uagb-post-grid-byline'>\n\t\t\t\t\t\t\t\t<span class=\"uagb-post__author\">\n\t\t\t\t<span class=\"dashicons-admin-users dashicons\"><\/span>\t\t\t\t\t<a href=\"https:\/\/mjetulain.com.ar\/en\/author\/andrea-zavatto\/\" title=\"Posts by Dra. Andrea Zavatto\" rel=\"author\">Dr. Andrea Zavatto<\/a>\t\t\t\t<\/span>\n\t\t\t\t\t\t\t<time datetime=\"2026-04-28T17:11:44+00:00\" class=\"uagb-post__date\">\n\t\t\t\t<span class=\"dashicons-calendar dashicons\"><\/span>\t\t\t\t\tApril 28, 2026\t\t\t\t<\/time>\n\t\t\t\t\t\t<\/div>\n\t\t\t\t\t\t\t<div class='uagb-post__text uagb-post__excerpt'>\n\t\t\t\t\t<p>An\u00e1lisis comparado a partir del reciente fallo de la Corte Suprema de los Estados Unidos y su paralelismo con la&#8230;\t\t\t\t<\/div>\n\t\t\t\t\t\t<div class=\"uagb-post__text uagb-post__cta wp-block-button\">\n\t\t\t\t<a class=\"wp-block-button__link uagb-text-link\" style=\"\" href=\"https:\/\/mjetulain.com.ar\/en\/aranceles-emergencia-eeuu-retenciones-argentina\/\" target=\"_self\" rel=\"bookmark noopener noreferrer\">Read More<\/a>\n\t\t\t<\/div>\n\t\t\t\n\t\t\t\t\t\t\t\t\t<\/article>\n\t\t\t\t\t\t\t\t\t\t\t\t\t\t\t\t<article class=\"uagb-post__inner-wrap\">\t\t\t\t\t\t\t\t<div class='uagb-post__image'>\n\t\t\t\t\t\t\t\t\t<a href=\"https:\/\/mjetulain.com.ar\/en\/debido-proceso-procedimientos-aduaneros-argentinos\/\" target=\"_self\" rel=\"bookmark noopener noreferrer\" class='uagb-image-ratio-2-3'><img loading=\"lazy\" decoding=\"async\" width=\"1024\" height=\"683\" src=\"https:\/\/mjetulain.com.ar\/wp-content\/uploads\/2026\/04\/debido-proceso-aduanero-argentina-1024x683.webp\" class=\"attachment-large size-large\" alt=\"Debido proceso en procedimientos aduaneros argentinos, garant\u00edas constitucionales y est\u00e1ndares internacionales\" srcset=\"https:\/\/mjetulain.com.ar\/wp-content\/uploads\/2026\/04\/debido-proceso-aduanero-argentina-1024x683.webp 1024w, https:\/\/mjetulain.com.ar\/wp-content\/uploads\/2026\/04\/debido-proceso-aduanero-argentina-300x200.webp 300w, https:\/\/mjetulain.com.ar\/wp-content\/uploads\/2026\/04\/debido-proceso-aduanero-argentina-768x512.webp 768w, https:\/\/mjetulain.com.ar\/wp-content\/uploads\/2026\/04\/debido-proceso-aduanero-argentina-18x12.webp 18w, https:\/\/mjetulain.com.ar\/wp-content\/uploads\/2026\/04\/debido-proceso-aduanero-argentina.webp 1536w\" sizes=\"auto, (max-width: 1024px) 100vw, 1024px\" \/>\t\t\t\t\t<\/a>\n\t\t\t\t\t\t\t<\/div>\n\t\t\t\t\t\t<h3 class=\"uagb-post__title uagb-post__text\">\n\t\t\t\t<a href=\"https:\/\/mjetulain.com.ar\/en\/debido-proceso-procedimientos-aduaneros-argentinos\/\" target=\"_self\" rel=\"bookmark noopener noreferrer\">Due Process in Argentine Customs Proceedings: Guarantees and International Standards<\/a>\n\t\t\t<\/h3>\n\t\t\t\t\t\t<div class='uagb-post__text uagb-post-grid-byline'>\n\t\t\t\t\t\t\t\t<span class=\"uagb-post__author\">\n\t\t\t\t<span class=\"dashicons-admin-users dashicons\"><\/span>\t\t\t\t\t<a href=\"https:\/\/mjetulain.com.ar\/en\/author\/andrea-zavatto\/\" title=\"Posts by Dra. Andrea Zavatto\" rel=\"author\">Dr. Andrea Zavatto<\/a>\t\t\t\t<\/span>\n\t\t\t\t\t\t\t<time datetime=\"2026-04-28T14:11:07+00:00\" class=\"uagb-post__date\">\n\t\t\t\t<span class=\"dashicons-calendar dashicons\"><\/span>\t\t\t\t\tApril 28, 2026\t\t\t\t<\/time>\n\t\t\t\t\t\t<\/div>\n\t\t\t\t\t\t\t<div class='uagb-post__text uagb-post__excerpt'>\n\t\t\t\t\t<p>Por Dra. Andrea Zavatto Garant\u00edas y est\u00e1ndares internacionales El principio del debido proceso constituye una garant\u00eda fundamental reconocida por la&#8230;\t\t\t\t<\/div>\n\t\t\t\t\t\t<div class=\"uagb-post__text uagb-post__cta wp-block-button\">\n\t\t\t\t<a class=\"wp-block-button__link uagb-text-link\" style=\"\" href=\"https:\/\/mjetulain.com.ar\/en\/debido-proceso-procedimientos-aduaneros-argentinos\/\" target=\"_self\" rel=\"bookmark noopener noreferrer\">Read More<\/a>\n\t\t\t<\/div>\n\t\t\t\n\t\t\t\t\t\t\t\t\t<\/article>\n\t\t\t\t\t\t\t\t\t\t\t\t\t\t\t\t<article class=\"uagb-post__inner-wrap\">\t\t\t\t\t\t\t\t<div class='uagb-post__image'>\n\t\t\t\t\t\t\t\t\t<a href=\"https:\/\/mjetulain.com.ar\/en\/ocde-omc-valoracion-aduanera-argentina\/\" target=\"_self\" rel=\"bookmark noopener noreferrer\" class='uagb-image-ratio-2-3'><img loading=\"lazy\" decoding=\"async\" width=\"1024\" height=\"683\" src=\"https:\/\/mjetulain.com.ar\/wp-content\/uploads\/2026\/04\/Valoracion-aduanera-en-Argentina-analisis-de-normas-OMC-y-OCDE-en-comercio-internacional-1024x683.webp\" class=\"attachment-large size-large\" alt=\"Valoraci\u00f3n aduanera en Argentina an\u00e1lisis de normas OMC y OCDE en comercio internacional\" srcset=\"https:\/\/mjetulain.com.ar\/wp-content\/uploads\/2026\/04\/Valoracion-aduanera-en-Argentina-analisis-de-normas-OMC-y-OCDE-en-comercio-internacional-1024x683.webp 1024w, https:\/\/mjetulain.com.ar\/wp-content\/uploads\/2026\/04\/Valoracion-aduanera-en-Argentina-analisis-de-normas-OMC-y-OCDE-en-comercio-internacional-300x200.webp 300w, https:\/\/mjetulain.com.ar\/wp-content\/uploads\/2026\/04\/Valoracion-aduanera-en-Argentina-analisis-de-normas-OMC-y-OCDE-en-comercio-internacional-768x512.webp 768w, https:\/\/mjetulain.com.ar\/wp-content\/uploads\/2026\/04\/Valoracion-aduanera-en-Argentina-analisis-de-normas-OMC-y-OCDE-en-comercio-internacional-18x12.webp 18w, https:\/\/mjetulain.com.ar\/wp-content\/uploads\/2026\/04\/Valoracion-aduanera-en-Argentina-analisis-de-normas-OMC-y-OCDE-en-comercio-internacional.webp 1536w\" sizes=\"auto, (max-width: 1024px) 100vw, 1024px\" \/>\t\t\t\t\t<\/a>\n\t\t\t\t\t\t\t<\/div>\n\t\t\t\t\t\t<h3 class=\"uagb-post__title uagb-post__text\">\n\t\t\t\t<a href=\"https:\/\/mjetulain.com.ar\/en\/ocde-omc-valoracion-aduanera-argentina\/\" target=\"_self\" rel=\"bookmark noopener noreferrer\">Est\u00e1ndares OCDE, normas OMC y Derecho Interno: tensiones y alcances en la valoraci\u00f3n aduanera argentina<\/a>\n\t\t\t<\/h3>\n\t\t\t\t\t\t<div class='uagb-post__text uagb-post-grid-byline'>\n\t\t\t\t\t\t\t\t<span class=\"uagb-post__author\">\n\t\t\t\t<span class=\"dashicons-admin-users dashicons\"><\/span>\t\t\t\t\t<a href=\"https:\/\/mjetulain.com.ar\/en\/author\/mjeadmin\/\" title=\"Posts by Dra. Mar\u00eda Jos\u00e9 Etulain S\u00f3rensen\" rel=\"author\">Dra. Mar\u00eda Jos\u00e9 Etulain S\u00f3rensen<\/a>\t\t\t\t<\/span>\n\t\t\t\t\t\t\t<time datetime=\"2026-04-24T20:39:50+00:00\" class=\"uagb-post__date\">\n\t\t\t\t<span class=\"dashicons-calendar dashicons\"><\/span>\t\t\t\t\tApril 24, 2026\t\t\t\t<\/time>\n\t\t\t\t\t\t<\/div>\n\t\t\t\t\t\t\t<div class='uagb-post__text uagb-post__excerpt'>\n\t\t\t\t\t<p>Por Dra. Mar\u00eda Jos\u00e9 Etulain S\u00f3rensenPonencia presentada en las XIV Jornadas Internacionales de Derecho Aduanero \u2013 AAEF 2025 La valoraci\u00f3n&#8230;\t\t\t\t<\/div>\n\t\t\t\t\t\t<div class=\"uagb-post__text uagb-post__cta wp-block-button\">\n\t\t\t\t<a class=\"wp-block-button__link uagb-text-link\" style=\"\" href=\"https:\/\/mjetulain.com.ar\/en\/ocde-omc-valoracion-aduanera-argentina\/\" target=\"_self\" rel=\"bookmark noopener noreferrer\">Read More<\/a>\n\t\t\t<\/div>\n\t\t\t\n\t\t\t\t\t\t\t\t\t<\/article>\n\t\t\t\t\t\t\t\t\t\t\t\t\t\t\t\t<article class=\"uagb-post__inner-wrap\">\t\t\t\t\t\t\t\t<div class='uagb-post__image'>\n\t\t\t\t\t\t\t\t\t<a href=\"https:\/\/mjetulain.com.ar\/en\/expediente-electronico-procedimientos-aduaneros\/\" target=\"_self\" rel=\"bookmark noopener noreferrer\" class='uagb-image-ratio-2-3'><img loading=\"lazy\" decoding=\"async\" width=\"1024\" height=\"683\" src=\"https:\/\/mjetulain.com.ar\/wp-content\/uploads\/2026\/04\/expediente-electronico-aduana-argentina.jpg-1024x683.webp\" class=\"attachment-large size-large\" alt=\"Sistemas de gesti\u00f3n aduanera electr\u00f3nica - Expediente electr\u00f3nico\" srcset=\"https:\/\/mjetulain.com.ar\/wp-content\/uploads\/2026\/04\/expediente-electronico-aduana-argentina.jpg-1024x683.webp 1024w, https:\/\/mjetulain.com.ar\/wp-content\/uploads\/2026\/04\/expediente-electronico-aduana-argentina.jpg-300x200.webp 300w, https:\/\/mjetulain.com.ar\/wp-content\/uploads\/2026\/04\/expediente-electronico-aduana-argentina.jpg-768x512.webp 768w, https:\/\/mjetulain.com.ar\/wp-content\/uploads\/2026\/04\/expediente-electronico-aduana-argentina.jpg-18x12.webp 18w, https:\/\/mjetulain.com.ar\/wp-content\/uploads\/2026\/04\/expediente-electronico-aduana-argentina.jpg.webp 1536w\" sizes=\"auto, (max-width: 1024px) 100vw, 1024px\" \/>\t\t\t\t\t<\/a>\n\t\t\t\t\t\t\t<\/div>\n\t\t\t\t\t\t<h3 class=\"uagb-post__title uagb-post__text\">\n\t\t\t\t<a href=\"https:\/\/mjetulain.com.ar\/en\/expediente-electronico-procedimientos-aduaneros\/\" target=\"_self\" rel=\"bookmark noopener noreferrer\">The electronic file in customs procedures: its necessary implementation<\/a>\n\t\t\t<\/h3>\n\t\t\t\t\t\t<div class='uagb-post__text uagb-post-grid-byline'>\n\t\t\t\t\t\t\t\t<span class=\"uagb-post__author\">\n\t\t\t\t<span class=\"dashicons-admin-users dashicons\"><\/span>\t\t\t\t\t<a href=\"https:\/\/mjetulain.com.ar\/en\/author\/juantubio\/\" title=\"Posts by Dr. Juan Jos\u00e9 Tubio\" rel=\"author\">Dr. Juan Jos\u00e9 Tubio<\/a>\t\t\t\t<\/span>\n\t\t\t\t\t\t\t<time datetime=\"2026-04-24T15:47:23+00:00\" class=\"uagb-post__date\">\n\t\t\t\t<span class=\"dashicons-calendar dashicons\"><\/span>\t\t\t\t\tApril 24, 2026\t\t\t\t<\/time>\n\t\t\t\t\t\t<\/div>\n\t\t\t\t\t\t\t<div class='uagb-post__text uagb-post__excerpt'>\n\t\t\t\t\t<p>Autor: Dr. Juan Jos\u00e9 Tubio Ponencia presentada y aprobada por el Comit\u00e9 T\u00e9cnico de las XIV Jornadas Internacionales de Derecho&#8230;\t\t\t\t<\/div>\n\t\t\t\t\t\t<div class=\"uagb-post__text uagb-post__cta wp-block-button\">\n\t\t\t\t<a class=\"wp-block-button__link uagb-text-link\" style=\"\" href=\"https:\/\/mjetulain.com.ar\/en\/expediente-electronico-procedimientos-aduaneros\/\" target=\"_self\" rel=\"bookmark noopener noreferrer\">Read More<\/a>\n\t\t\t<\/div>\n\t\t\t\n\t\t\t\t\t\t\t\t\t<\/article>\n\t\t\t\t\t\t\t\t\t\t\t\t\t\t\t\t<article class=\"uagb-post__inner-wrap\">\t\t\t\t\t\t\t\t<div class='uagb-post__image'>\n\t\t\t\t\t\t\t\t\t<a href=\"https:\/\/mjetulain.com.ar\/en\/comercio-exterior-argentina-2026-superavit\/\" target=\"_self\" rel=\"bookmark noopener noreferrer\" class='uagb-image-ratio-2-3'><img loading=\"lazy\" decoding=\"async\" width=\"930\" height=\"525\" src=\"https:\/\/mjetulain.com.ar\/wp-content\/uploads\/2026\/04\/Analisis-del-comercio-exterior-argentino-2026-saldo-positivo-y-nuevos-sectores-exportadores.webp\" class=\"attachment-large size-large\" alt=\"Comercio exterior de Argentina 2026: super\u00e1vit en balanza comercial y crecimiento de servicios basados en el conocimiento\" srcset=\"https:\/\/mjetulain.com.ar\/wp-content\/uploads\/2026\/04\/Analisis-del-comercio-exterior-argentino-2026-saldo-positivo-y-nuevos-sectores-exportadores.webp 930w, https:\/\/mjetulain.com.ar\/wp-content\/uploads\/2026\/04\/Analisis-del-comercio-exterior-argentino-2026-saldo-positivo-y-nuevos-sectores-exportadores-300x169.webp 300w, https:\/\/mjetulain.com.ar\/wp-content\/uploads\/2026\/04\/Analisis-del-comercio-exterior-argentino-2026-saldo-positivo-y-nuevos-sectores-exportadores-768x434.webp 768w, https:\/\/mjetulain.com.ar\/wp-content\/uploads\/2026\/04\/Analisis-del-comercio-exterior-argentino-2026-saldo-positivo-y-nuevos-sectores-exportadores-18x10.webp 18w\" sizes=\"auto, (max-width: 930px) 100vw, 930px\" \/>\t\t\t\t\t<\/a>\n\t\t\t\t\t\t\t<\/div>\n\t\t\t\t\t\t<h3 class=\"uagb-post__title uagb-post__text\">\n\t\t\t\t<a href=\"https:\/\/mjetulain.com.ar\/en\/comercio-exterior-argentina-2026-superavit\/\" target=\"_self\" rel=\"bookmark noopener noreferrer\">Comercio exterior de bienes en Argentina: saldo positivo de la balanza al primer trimestre de 2026<\/a>\n\t\t\t<\/h3>\n\t\t\t\t\t\t<div class='uagb-post__text uagb-post-grid-byline'>\n\t\t\t\t\t\t\t\t<span class=\"uagb-post__author\">\n\t\t\t\t<span class=\"dashicons-admin-users dashicons\"><\/span>\t\t\t\t\t<a href=\"https:\/\/mjetulain.com.ar\/en\/author\/mjeadmin\/\" title=\"Posts by Dra. Mar\u00eda Jos\u00e9 Etulain S\u00f3rensen\" rel=\"author\">Dra. Mar\u00eda Jos\u00e9 Etulain S\u00f3rensen<\/a>\t\t\t\t<\/span>\n\t\t\t\t\t\t\t<time datetime=\"2026-04-21T18:11:17+00:00\" class=\"uagb-post__date\">\n\t\t\t\t<span class=\"dashicons-calendar dashicons\"><\/span>\t\t\t\t\tApril 21, 2026\t\t\t\t<\/time>\n\t\t\t\t\t\t<\/div>\n\t\t\t\t\t\t\t<div class='uagb-post__text uagb-post__excerpt'>\n\t\t\t\t\t<p>Autora: Dra. Mar\u00eda Jos\u00e9 Etulain S\u00f3rensenEstratega en comercio internacional | Analista en Supply Chain | Expansi\u00f3n empresarial USA\u2013Argentina | Defensa&#8230;\t\t\t\t<\/div>\n\t\t\t\t\t\t<div class=\"uagb-post__text uagb-post__cta wp-block-button\">\n\t\t\t\t<a class=\"wp-block-button__link uagb-text-link\" style=\"\" href=\"https:\/\/mjetulain.com.ar\/en\/comercio-exterior-argentina-2026-superavit\/\" target=\"_self\" rel=\"bookmark noopener noreferrer\">Read More<\/a>\n\t\t\t<\/div>\n\t\t\t\n\t\t\t\t\t\t\t\t\t<\/article>\n\t\t\t\t\t\t\t\t\t\t\t\t\t\t\t\t<article class=\"uagb-post__inner-wrap\">\t\t\t\t\t\t\t\t<div class='uagb-post__image'>\n\t\t\t\t\t\t\t\t\t<a href=\"https:\/\/mjetulain.com.ar\/en\/comunicacion-a-8417-bcra-flexibilizacion-cepo-argentina\/\" target=\"_self\" rel=\"bookmark noopener noreferrer\" class='uagb-image-ratio-2-3'><img loading=\"lazy\" decoding=\"async\" width=\"944\" height=\"533\" src=\"https:\/\/mjetulain.com.ar\/wp-content\/uploads\/2026\/04\/comunicacion-a-8417-bcra-flexibilizacion-cepo-mje.webp\" class=\"attachment-large size-large\" alt=\"An\u00e1lisis de la Comunicaci\u00f3n A 8417 del Banco Central sobre la flexibilizaci\u00f3n del cepo cambiario en Argentina\" srcset=\"https:\/\/mjetulain.com.ar\/wp-content\/uploads\/2026\/04\/comunicacion-a-8417-bcra-flexibilizacion-cepo-mje.webp 944w, https:\/\/mjetulain.com.ar\/wp-content\/uploads\/2026\/04\/comunicacion-a-8417-bcra-flexibilizacion-cepo-mje-300x169.webp 300w, https:\/\/mjetulain.com.ar\/wp-content\/uploads\/2026\/04\/comunicacion-a-8417-bcra-flexibilizacion-cepo-mje-768x434.webp 768w, https:\/\/mjetulain.com.ar\/wp-content\/uploads\/2026\/04\/comunicacion-a-8417-bcra-flexibilizacion-cepo-mje-18x10.webp 18w\" sizes=\"auto, (max-width: 944px) 100vw, 944px\" \/>\t\t\t\t\t<\/a>\n\t\t\t\t\t\t\t<\/div>\n\t\t\t\t\t\t<h3 class=\"uagb-post__title uagb-post__text\">\n\t\t\t\t<a href=\"https:\/\/mjetulain.com.ar\/en\/comunicacion-a-8417-bcra-flexibilizacion-cepo-argentina\/\" target=\"_self\" rel=\"bookmark noopener noreferrer\">\u00bfSe flexibiliz\u00f3 realmente el cepo? Lo que cambia (y lo que no) con la Comunicaci\u00f3n A 8417 del BCRA<\/a>\n\t\t\t<\/h3>\n\t\t\t\t\t\t<div class='uagb-post__text uagb-post-grid-byline'>\n\t\t\t\t\t\t\t\t<span class=\"uagb-post__author\">\n\t\t\t\t<span class=\"dashicons-admin-users dashicons\"><\/span>\t\t\t\t\t<a href=\"https:\/\/mjetulain.com.ar\/en\/author\/andrea-zavatto\/\" title=\"Posts by Dra. Andrea Zavatto\" rel=\"author\">Dr. Andrea Zavatto<\/a>\t\t\t\t<\/span>\n\t\t\t\t\t\t\t<time datetime=\"2026-04-10T18:38:22+00:00\" class=\"uagb-post__date\">\n\t\t\t\t<span class=\"dashicons-calendar dashicons\"><\/span>\t\t\t\t\tApril 10, 2026\t\t\t\t<\/time>\n\t\t\t\t\t\t<\/div>\n\t\t\t\t\t\t\t<div class='uagb-post__text uagb-post__excerpt'>\n\t\t\t\t\t<p>La reciente Comunicaci\u00f3n A 8417 del Banco Central introduce una serie de adecuaciones al r\u00e9gimen de exterior y cambios que,&#8230;\t\t\t\t<\/div>\n\t\t\t\t\t\t<div class=\"uagb-post__text uagb-post__cta wp-block-button\">\n\t\t\t\t<a class=\"wp-block-button__link uagb-text-link\" style=\"\" href=\"https:\/\/mjetulain.com.ar\/en\/comunicacion-a-8417-bcra-flexibilizacion-cepo-argentina\/\" target=\"_self\" rel=\"bookmark noopener noreferrer\">Read More<\/a>\n\t\t\t<\/div>\n\t\t\t\n\t\t\t\t\t\t\t\t\t<\/article>\n\t\t\t\t\t\t\t\t\t\t\t\t\t\t\t\t<article class=\"uagb-post__inner-wrap\">\t\t\t\t\t\t\t\t<div class='uagb-post__image'>\n\t\t\t\t\t\t\t\t\t<a href=\"https:\/\/mjetulain.com.ar\/en\/que-es-el-dumping-guia-practica-y-evolucion-reciente-2020-2025\/\" target=\"_self\" rel=\"bookmark noopener noreferrer\" class='uagb-image-ratio-2-3'><img loading=\"lazy\" decoding=\"async\" width=\"641\" height=\"368\" src=\"https:\/\/mjetulain.com.ar\/wp-content\/uploads\/2026\/04\/dumping-que-es-comercio-internacional-argentina-1.webp\" class=\"attachment-large size-large\" alt=\"dumping-que-es-comercio-internacional-argentina.\" srcset=\"https:\/\/mjetulain.com.ar\/wp-content\/uploads\/2026\/04\/dumping-que-es-comercio-internacional-argentina-1.webp 641w, https:\/\/mjetulain.com.ar\/wp-content\/uploads\/2026\/04\/dumping-que-es-comercio-internacional-argentina-1-300x172.webp 300w, https:\/\/mjetulain.com.ar\/wp-content\/uploads\/2026\/04\/dumping-que-es-comercio-internacional-argentina-1-18x10.webp 18w\" sizes=\"auto, (max-width: 641px) 100vw, 641px\" \/>\t\t\t\t\t<\/a>\n\t\t\t\t\t\t\t<\/div>\n\t\t\t\t\t\t<h3 class=\"uagb-post__title uagb-post__text\">\n\t\t\t\t<a href=\"https:\/\/mjetulain.com.ar\/en\/que-es-el-dumping-guia-practica-y-evolucion-reciente-2020-2025\/\" target=\"_self\" rel=\"bookmark noopener noreferrer\">What Is Dumping? A Practical Guide and Recent Developments (2020\u20132025)<\/a>\n\t\t\t<\/h3>\n\t\t\t\t\t\t<div class='uagb-post__text uagb-post-grid-byline'>\n\t\t\t\t\t\t\t\t<span class=\"uagb-post__author\">\n\t\t\t\t<span class=\"dashicons-admin-users dashicons\"><\/span>\t\t\t\t\t<a href=\"https:\/\/mjetulain.com.ar\/en\/author\/mjeadmin\/\" title=\"Posts by Dra. Mar\u00eda Jos\u00e9 Etulain S\u00f3rensen\" rel=\"author\">Dra. Mar\u00eda Jos\u00e9 Etulain S\u00f3rensen<\/a>\t\t\t\t<\/span>\n\t\t\t\t\t\t\t<time datetime=\"2026-04-08T17:12:16+00:00\" class=\"uagb-post__date\">\n\t\t\t\t<span class=\"dashicons-calendar dashicons\"><\/span>\t\t\t\t\tApril 8, 2026\t\t\t\t<\/time>\n\t\t\t\t\t\t<\/div>\n\t\t\t\t\t\t\t<div class='uagb-post__text uagb-post__excerpt'>\n\t\t\t\t\t<p>El dumping es una de las pr\u00e1cticas m\u00e1s relevantes \u2014y controvertidas\u2014 del comercio internacional. Aunque su definici\u00f3n t\u00e9cnica es sencilla,&#8230;\t\t\t\t<\/div>\n\t\t\t\t\t\t<div class=\"uagb-post__text uagb-post__cta wp-block-button\">\n\t\t\t\t<a class=\"wp-block-button__link uagb-text-link\" style=\"\" href=\"https:\/\/mjetulain.com.ar\/en\/que-es-el-dumping-guia-practica-y-evolucion-reciente-2020-2025\/\" target=\"_self\" rel=\"bookmark noopener noreferrer\">Read More<\/a>\n\t\t\t<\/div>\n\t\t\t\n\t\t\t\t\t\t\t\t\t<\/article>\n\t\t\t\t\t\t\t\t\t\t\t\t\t<div class=\"uagb-post-pagination-wrap\">\n\t\t\t\t\t\t<span aria-current=\"page\" class=\"page-numbers current\">1<\/span>\n<a class=\"page-numbers\" href=\"https:\/\/mjetulain.com.ar\/en\/wp-json\/wp\/v2\/pages\/1208\/page\/2\/\">2<\/a>\n<a class=\"next page-numbers\" href=\"https:\/\/mjetulain.com.ar\/en\/wp-json\/wp\/v2\/pages\/1208\/page\/2\/\">Next \u00bb<\/a>\t\t\t\t\t<\/div>\n\t\t\t\t\t\t\t\t<\/div>\n\t\t\t\n\n\n<h2 class=\"wp-block-heading\">Asesoramiento especializado<\/h2>\n\n\n\n<p>En MJE Comercio Exterior brindamos asesoramiento integral en normativa cambiaria, comercio exterior y defensa comercial.<\/p>\n\n\n\n<p>Trabajamos con empresas que necesitan anticiparse a los cambios regulatorios, minimizar riesgos y optimizar sus operaciones internacionales.<\/p>\n\n\n\n<p>Contactanos para m\u00e1s informaci\u00f3n<\/p>\n\n\n\n<div class=\"wp-block-uagb-buttons uagb-buttons__outer-wrap uagb-btn__default-btn uagb-btn-tablet__default-btn uagb-btn-mobile__default-btn uagb-block-0d505df4\"><div class=\"uagb-buttons__wrap uagb-buttons-layout-wrap\">\n<div class=\"wp-block-uagb-buttons-child uagb-buttons__outer-wrap uagb-block-283ff1bf wp-block-button\"><div class=\"uagb-button__wrapper\"><a class=\"uagb-buttons-repeater wp-block-button__link\" aria-label=\"\" href=\"https:\/\/wa.me\/541127397087?text=Hola%2C%20me%20comunico%20desde%20la%20p%C3%A1gina%20de%20MJE%20para%20recibir%20asesor%C3%ADa%20en%20comercio%20exterior.\" rel=\"follow noopener\" target=\"_blank\" role=\"button\"><div class=\"uagb-button__link\">Contactar al equipo<\/div><\/a><\/div><\/div>\n<\/div><\/div>\n\n\n\n<p><\/p>","protected":false},"excerpt":{"rendered":"<p>En esta secci\u00f3n reunimos ponencias, art\u00edculos y estudios elaborados por el equipo de MJE Comercio Exterior, presentados en congresos y [&hellip;]<\/p>\n","protected":false},"author":1,"featured_media":0,"parent":0,"menu_order":0,"comment_status":"closed","ping_status":"closed","template":"","meta":{"_uag_custom_page_level_css":"","site-sidebar-layout":"default","site-content-layout":"","ast-site-content-layout":"default","site-content-style":"default","site-sidebar-style":"default","ast-global-header-display":"","ast-banner-title-visibility":"","ast-main-header-display":"","ast-hfb-above-header-display":"","ast-hfb-below-header-display":"","ast-hfb-mobile-header-display":"","site-post-title":"disabled","ast-breadcrumbs-content":"","ast-featured-img":"","footer-sml-layout":"","ast-disable-related-posts":"","theme-transparent-header-meta":"","adv-header-id-meta":"","stick-header-meta":"","header-above-stick-meta":"","header-main-stick-meta":"","header-below-stick-meta":"","astra-migrate-meta-layouts":"default","ast-page-background-enabled":"default","ast-page-background-meta":{"desktop":{"background-color":"var(--ast-global-color-5)","background-image":"","background-repeat":"repeat","background-position":"center center","background-size":"auto","background-attachment":"scroll","background-type":"","background-media":"","overlay-type":"","overlay-color":"","overlay-opacity":"","overlay-gradient":""},"tablet":{"background-color":"","background-image":"","background-repeat":"repeat","background-position":"center center","background-size":"auto","background-attachment":"scroll","background-type":"","background-media":"","overlay-type":"","overlay-color":"","overlay-opacity":"","overlay-gradient":""},"mobile":{"background-color":"","background-image":"","background-repeat":"repeat","background-position":"center center","background-size":"auto","background-attachment":"scroll","background-type":"","background-media":"","overlay-type":"","overlay-color":"","overlay-opacity":"","overlay-gradient":""}},"ast-content-background-meta":{"desktop":{"background-color":"var(--ast-global-color-4)","background-image":"","background-repeat":"repeat","background-position":"center center","background-size":"auto","background-attachment":"scroll","background-type":"","background-media":"","overlay-type":"","overlay-color":"","overlay-opacity":"","overlay-gradient":""},"tablet":{"background-color":"var(--ast-global-color-4)","background-image":"","background-repeat":"repeat","background-position":"center center","background-size":"auto","background-attachment":"scroll","background-type":"","background-media":"","overlay-type":"","overlay-color":"","overlay-opacity":"","overlay-gradient":""},"mobile":{"background-color":"var(--ast-global-color-4)","background-image":"","background-repeat":"repeat","background-position":"center center","background-size":"auto","background-attachment":"scroll","background-type":"","background-media":"","overlay-type":"","overlay-color":"","overlay-opacity":"","overlay-gradient":""}},"footnotes":""},"class_list":["post-1208","page","type-page","status-publish","hentry"],"uagb_featured_image_src":{"full":false,"thumbnail":false,"medium":false,"medium_large":false,"large":false,"1536x1536":false,"2048x2048":false,"trp-custom-language-flag":false},"uagb_author_info":{"display_name":"Dra. Mar\u00eda Jos\u00e9 Etulain S\u00f3rensen","author_link":"https:\/\/mjetulain.com.ar\/en\/author\/mjeadmin\/"},"uagb_comment_info":0,"uagb_excerpt":"En esta secci\u00f3n reunimos ponencias, art\u00edculos y estudios elaborados por el equipo de MJE Comercio Exterior, presentados en congresos y [&hellip;]","_links":{"self":[{"href":"https:\/\/mjetulain.com.ar\/en\/wp-json\/wp\/v2\/pages\/1208","targetHints":{"allow":["GET"]}}],"collection":[{"href":"https:\/\/mjetulain.com.ar\/en\/wp-json\/wp\/v2\/pages"}],"about":[{"href":"https:\/\/mjetulain.com.ar\/en\/wp-json\/wp\/v2\/types\/page"}],"author":[{"embeddable":true,"href":"https:\/\/mjetulain.com.ar\/en\/wp-json\/wp\/v2\/users\/1"}],"replies":[{"embeddable":true,"href":"https:\/\/mjetulain.com.ar\/en\/wp-json\/wp\/v2\/comments?post=1208"}],"version-history":[{"count":102,"href":"https:\/\/mjetulain.com.ar\/en\/wp-json\/wp\/v2\/pages\/1208\/revisions"}],"predecessor-version":[{"id":2197,"href":"https:\/\/mjetulain.com.ar\/en\/wp-json\/wp\/v2\/pages\/1208\/revisions\/2197"}],"wp:attachment":[{"href":"https:\/\/mjetulain.com.ar\/en\/wp-json\/wp\/v2\/media?parent=1208"}],"curies":[{"name":"wp","href":"https:\/\/api.w.org\/{rel}","templated":true}]}}